{"id":637,"date":"2024-09-11T21:21:03","date_gmt":"2024-09-11T19:21:03","guid":{"rendered":"https:\/\/www.claudioolivieri.com\/claudioolivieri.com\/wrdp\/?page_id=637"},"modified":"2025-09-02T19:22:50","modified_gmt":"2025-09-02T17:22:50","slug":"rubriche-e-articoli-su-periodici-e-riviste-specializzate-1960-1989","status":"publish","type":"page","link":"https:\/\/www.claudioolivieri.com\/claudioolivieri.com\/wrdp\/bibliografia\/rubriche-e-articoli-su-periodici-e-riviste-specializzate-1960-1989\/","title":{"rendered":"Rubriche e articoli su periodici e riviste specializzate 1960-1989"},"content":{"rendered":"\n<p><em>(in elaborazione)<\/em><\/p>\n\n\n\n<p><a href=\"https:\/\/www.claudioolivieri.com\/claudioolivieri.com\/wrdp\/?page_id=77\">Bibliografia selezionata<\/a><br>A cura di Arianna Baldoni<\/p>\n\n\n\n<p><strong>1960<\/strong><br>W.&nbsp;Sch\u00f6nenberger, <em>Claudio Olivieri<\/em>, \u00abGazzetta Ticinese\u00bb, p. 15. <br><br><strong>1966<\/strong><br>Z. Birolli, <em>Claudio Olivieri<\/em>, \u00abLe Arti\u00bb, giugno, p. 32.<br><br><strong>1967<\/strong><br>M. Valsecchi, <em>Fantasia e audacia di giovani in avanscoperta<\/em>, \u00abIl Giorno\u00bb, Milano, 12 maggio, p. 7.<br>M. Valsecchi, <em>Claudio Olivieri<\/em>, \u00abIl Giorno\u00bb, 2 dicembre.<br><br><strong>1969<\/strong><br>V. Fagone, <em>Cinque pittori al Milione<\/em>, \u00abL\u2019Ora\u00bb, 13 &#8211; 14 giugno, p. 7.<br>M. De Micheli, <em>Olivieri<\/em>, \u00abL\u2019Unit\u00e0\u00bb, 26 novembre.<br>M. Perazzi, <em>Olivieri: flussi continui della memoria<\/em>, \u00abCorriere d\u2019Informazione\u00bb, 26 ottobre -7 novembre.<br>M. Valsecchi, <em>Un futurista che cammina coi tempi<\/em>, \u00abIl Giorno\u00bb, 29 novembre, p. 14.<br><em>Claudio Olivieri<\/em>, \u00abCorriere della Sera\u00bb, 3 dicembre, p. 3.<br>F. Dentice, <em>Claudio Olivieri<\/em>, \u00abL\u2019Espresso\u00bb, n. 50, 14 dicembre, pp. 16-17.<br>R. Beltrame, <em>Galleria Il Milione: C. Olivieri<\/em>, \u00abNotiziario Arte Contemporanea\u00bb, n.26, pp. 16-17.<br><br><strong>1970<\/strong><br>G. Ruggeri, <em>Olivieri<\/em>, \u00abIl Resto del Carlino\u00bb, 10 marzo, p. 4.<br>G. Cavazzini, <em>Claudio Olivieri a \u201cLa Ruota\u201d<\/em>, \u00abGazzetta di Parma\u00bb, 29 marzo, p. 5.<br>R. Modesti, <em>Nuove presenze: Claudio Olivieri<\/em>, \u00abAnnunciata Notizie d\u2019arte\u00bb, anno II, n. 4, aprile, pp. 31-33.<br><br><strong>1971<\/strong><br>G. Servello, <em>Claudio Olivieri<\/em>, \u00abIl Giornale di Sicilia\u00bb, 15 gennaio.<br><em>Olivieri ai \u201cQuattro Venti\u201d<\/em>, \u00abL\u2019Ora\u00bb, 4 febbraio.<br>M. Valsecchi, <em>I paladini dell\u2019immagine<\/em>, \u00abIl Giorno\u00bb, 24 aprile.<br>M. Perazzi,<em> Claudio Olivieri<\/em>, \u00abCorriere della Sera\u00bb, 16 dicembre, p. 17.<br>G. Mascherpa, <em>I fatti dell\u2019arte<\/em>, \u00abAvvenire\u00bb, 23 dicembre, p. 9.<br>G. Curonici, <em>Doppia personale di Olivieri<\/em>, \u00abCorriere del Ticino\u00bb, 31 dicembre.<br><br><strong>1972<\/strong><br>M. Valsecchi, <em>Le luci di Olivieri<\/em>, \u00abIl Giorno\u00bb, 5 gennaio, p. 5.<br>E. Schloss, <em>Around the Galleries in Rome<\/em>, \u00abInternational Herald Tribune\u00bb, 26 gennaio.<br>S. Orienti, <em>Olivieri<\/em>, \u00abIl Popolo\u00bb, 26 gennaio, p. 6.<br>R. Sanesi, <em>Quale chiarezza? Appunto\u2026<\/em>, \u00abIl Dramma\u00bb, gennaio, p. 29.<br>F. Vincitorio, <em>Claudio Olivieri<\/em>, \u00abNac\u00bb, n. 2, febbraio, pp. 27-29.<br>C. Vivaldi, <em>Lettera da Roma<\/em>, \u00abD\u2019Ars\u00bb, anno XIII, n. 58-59, pp. 192-193.<br><br><strong>1973<\/strong><br>H. Martin, <em>Milan in winter<\/em>, \u00abArt international\u00bb, XVII, n. 14, aprile, p. 62.<br>K. Honnef, <em>Geometria e colore<\/em>, \u00abData\u00bb, anno III, n. 10, inverno, pp. 56-65.<br>C. Galasso, <em>Claudio Olivieri<\/em>, \u00abAlto Adige\u00bb, 26 settembre.<br>M. Paolucci, <em>Olivieri<\/em>, \u00abL\u2019Adige\u00bb, 3 ottobre, p. 5.<br>E. B., <em>Farbe neu Zur Debatte gestellt<\/em>, \u00abDolomiten\u00bb, 10 ottobre, p. 6.<br>D. Boriani, S. Girardello, <em>C. Olivieri, I problemi delle tendenze<\/em>, \u00abNac\u00bb, dicembre, pp. 2-4.<br>C. Battaglia e M. Fagiolo (intervista), <em>Pittura-Pittura: chi sono gli italiani<\/em>, \u00abBolaffiArte\u00bb, anno VI, n. 50, maggio\/giugno, p. 67.<br><br><strong>1974<\/strong><br><em>Kunstler-statements aus dem katalog zur austellung \u201cGeplanter Malerei\u201d<\/em>, \u00abKunstforum\u00bb, n. 10, 2 gennaio, p. 100.<br>G. Servello, <em>Da una materia statica varianti di segni e colore<\/em>, \u00abGiornale di Sicilia\u00bb, 8 marzo, p. 3.<br>E. Rebulla, <em>Claudio Olivieri<\/em>, \u00abL\u2019Ora\u00bb, 11 marzo.<br>V. Fagone,<em> La pratica pittorica<\/em>, \u00abIl cristallo\u00bb, XVI, n. 1, p. 6.<br><br><strong>1975<\/strong><br>F. Menna, <em>La nuova pittura<\/em>, \u00abL\u2019arte moderna\u00bb, Milano, Fabbri Ed., anno III, vol. XIV, settimanale, pp. 161-192.<br>J. Morschel, <em>Die Metropole-provokatorische satze und gegensatze<\/em>, \u00abMagazin Kunst\u00bb, n. 2, 15 gennaio, pp. 126-127.<br>M. Picone, R. Riccini, <em>Il \u00abritorno\u00bb alla pittura<\/em>, \u00abKunstforum\u00bb, n. 33, maggio.<br>G. Battaglia, M. Fagiolo, <em>La Peinture en Italie<\/em>, \u00abArt Presse\u00bb, n. 21, novembre-dicembre, pp. 10-13.<br>F. Caroli, <em>Claudio Olivieri<\/em>, \u00abCorriere della Sera\u00bb, 1 dicembre.<br>M. Valsecchi, <em>Claudio Olivieri,<\/em> \u00abIl Giornale\u00bb, 5 dicembre, p. 4.<br>A. C. Quintavalle, <em>Claudio Olivieri<\/em>, \u00abTempo illustrato\u00bb, 22 dicembre, p. 78.<br>D. Palazzoli, <em>Claudio Olivieri<\/em>, \u00abKunstforum\u00bb, 13, febbraio-aprile, pp. 98-103.<br><br><strong>1976<\/strong><br>R. Barilli, <em>Il pittore sul pianeta Caos<\/em>, \u00abL\u2019Espresso\u00bb, XII, n. 1, gennaio, p. 45.<br><em>Claudio Olivieri<\/em>, \u00abinfo arTitudes\u00bb, n. 5, febbraio, pp. 14-15.<br>L. Venturi, <em>Six Italian painters<\/em>, \u00abStudio International\u00bb, vol. 191, n. 979, gennaio-febbraio, pp. 46-49.<br>W. Lippert, <em>Claudio Olivieri<\/em>, \u00abheute Kunst\u00bb, nn. 14-15, maggio-agosto, pp. 10-11.<br><br><strong>1977<\/strong><br><em>Claudio Olivieri<\/em>, \u00abLe Nouvel Observateur\u00bb, n. 647, 4 &#8211; 10 aprile, p. 21.<br>F. Minervino, <em>Kassel documenta che in verit\u00e0 c\u2019\u00e8 ben poco da raccontare<\/em>, \u00abBolaffiArte\u00bb, anno VIII, n. 71, giugno-luglio, pp. 28-32.<br>G. Beringheli, <em>Una realt\u00e0 pi\u00f9<\/em>, \u00abIl Lavoro\u00bb, 18 novembre, p. 10.<br>G. Ballo, <em>Claudio Olivieri e lo spazio pittorico attivo<\/em>, \u00abOttagono\u00bb, XII, n. 47, dicembre, pp. 104-105.<br><br><strong>1978<\/strong><br>M. Valsecchi, <em>Claudio Olivieri<\/em>, \u00abIl Giornale\u00bb, 17 novembre, p. 4.<br><br><strong>1979<\/strong><br>P. G. Castagnoli, P. Fossati, <em>Stanze del gioco<\/em>, \u00abLa tradizione del nuovo\u00bb, anno III, n. 5, marzo, pp. 30-31.<br><br><strong>1980<\/strong><br>L. Ballerini, <em>On Watching, Seeing, and Invidia<\/em>, \u00abYale Italian Studies\u00bb, anno I, n. 1, New York, primavera 1980 (trad. it. in \u00abMeta\u00bb, n. 1, febbraio), p.37.<br>P. G. Castagnoli, <em>Come in un tranquillo fiume<\/em>, \u00abla Repubblica\u00bb, 1 &#8211; 2 giugno, p. 12.<br>L. Caramel, <em>Undici artisti degli anni Settanta<\/em>, \u00abAvanti!\u00bb, 15 giugno, p. 8.<br>R. Cirio, <em>Fuori i Documenta!,<\/em> \u00abL\u2019Espresso\u00bb, anno XXVI, n. 40, ottobre, pp. 90-94.<br>P. Restany, <em>Biennale 80. La fiera dei pittori del sabato sera<\/em>, \u00abD\u2019Ars\u00bb, anno XXI, n. 24, pp. 9-22.<br><br><strong>1981<\/strong><br>M. Meneguzzo, <em>Claudio Olivieri<\/em>, \u00abSegno\u00bb, n. 20, marzo &#8211; aprile, pp. 24-25.<br>L. Spiazzi, <em>Claudio Olivieri<\/em>, \u00abBresciaoggi\u00bb, 4 aprile.<br>E. Cassa Salvi, <em>Claudio Olivieri<\/em>, \u00abIl Giornale di Brescia\u00bb, 10 aprile.<br>L. Gallina, <em>Claudio Olivieri alla Bluart<\/em>, \u00abLa Prealpina\u00bb, Varese, 19 dicembre.<br><br><strong>1982<\/strong><br>L. Somaini, <em>Tele di tenebra colorata<\/em>, supplemento di \u00abla Repubblica\u00bb, 14 maggio, p. 2.<br>F. Gualdoni, <em>Le \u00abInstallazioni\u00bb di Icaro e Olivieri<\/em>, \u00abIl Giorno\u00bb, 19 maggio.<br>F. Minervino, <em>Olivieri &amp; Icaro<\/em>, \u00abCorriere della Sera\u00bb, 30 maggio, p. 17.<br>A. Porta, <em>Claudio Olivieri<\/em>, \u00abAlfabeta\u00bb, anno IV, n. 36, maggio, p. 13.<br>F. Gualdoni, <em>Claudio Olivieri<\/em>, \u00abFlash Art\u00bb, n. 109, p. 75.<br>S. McGrath, <em>Surprising seduction from Italy<\/em>, \u00abThe Weekend Australian\u00bb, Sidney, p.18.<br><br><strong>1983<\/strong><br>A. Pizzigoni, <em>Claudio Olivieri e l\u2019emergenza della poesia<\/em>, \u00abIl Giornale di Bergamo\u00bb, 23 aprile.<br>R. Pasini, <em>Olivieri il fedele<\/em>, \u00abIl Resto del Carlino\u00bb, 14 maggio.<br>F. Gualdoni, <em>Olivieri, nozze d\u2019argento con la pittura<\/em>, \u00abIl Giorno\u00bb, 19 maggio, p. 5.<br>R. Barilli, <em>Colori in libera uscita<\/em>, \u00abL\u2019Espresso\u00bb, nn. 25-26, giugno, p. 83.<br>M. Meneguzzo, <em>Claudio Olivieri<\/em>, \u00abFlash Art\u00bb, n. 114, giugno, p. 69.<br>P. C. Richetta, <em>Claudio Olivieri<\/em>, catalogo della mostra \u201c60-83\u201d, \u00abIl Politecnico\u00bb, Varese, giugno.<br>M. Meneguzzo, <em>Claudio Olivieri. La pittura in atto: traslazione dal topos al logos<\/em>, \u00abLe Arti News\u00bb, anno II, n. 3-4, luglio \u2013 ottobre, pp. 66-67.<br>E. Morin, <em>L\u2019interdipendenza passato\/presente\/futuro<\/em>, \u00abLa Casa di Dedalo\u00bb, novembre \u2013 dicembre, pp. 47-56.<br>M. Meneguzzo, M. Gastini, <em>Claudio Olivieri<\/em>, \u00abArtistes\u00bb, n. 17, dicembre.<br>F. Gualdoni, <em>La palazzina dei giardini di Modena<\/em>, \u00abArea 14\u00bb, anno 3, n. 14, dicembre &#8211; gennaio 1984, p. 66.<br><br><strong>1984<\/strong><br>V. Boarini, <em>Ritorno alle origini con spazio e colore<\/em>, \u00abla Repubblica\u00bb, 27 aprile.<br>Claudio Olivieri &#8211; <em>Apostasie<\/em>, \u00abIl Cobold\u00bb, aprile &#8211; giugno, p. 5.<br>G. N., <em>Die farbe als f\u00fcnftes elementer<\/em>, \u00abFrankfurter Neue Presse\u00bb, 14 luglio.<br>G. V. M., <em>Die farbe als f\u00fcnftes element<\/em>, \u00abFrankfurter Allgemeine Zeitung\u00bb, 16 luglio.<br><em>Opere su carta e dipinti recenti di Claudio Olivieri<\/em>, \u00abIl Giornale d\u2019Italia\u00bb, 19 agosto.<br>F. Gualdoni, <em>Tancredi &#8211; Olivieri: L\u2019importanza di essere provinciale<\/em>, \u00abIl Giorno\u00bb, 28 settembre, p. 3.<br>F. Vincitorio, <em>La parte dell\u2019occhio<\/em>, \u00abL\u2019Espresso\u00bb, 30 settembre, p. 19.<br>E. C., <em>Claudio Olivieri: il colore e il quinto elemento<\/em>, \u00abLe Arti News\u00bb, nn. 4-5, Milano, settembre &#8211; ottobre \/ novembre \u2013 dicembre, p. 90.<br>A. De Vita, <em>Claudio Olivieri &#8211; se l\u2019infinito si posa sulla pittura<\/em>, \u00abIl Sole 24 Ore\u00bb, 14 ottobre, p. 16.<br>F. D\u2019Amico, <em>Pittura ultimo atto<\/em>, \u00abla Repubblica\u00bb, 1 novembre.<br><br><strong>1985<\/strong><br>T. Nikala-Soiha, <em>Ekstaasiin italialaisittain<\/em>, \u00abLansi- Suomi\u00bb, n. 292, 29 settembre.<br>H. Castr\u00e9n, <em>Ekstaasi pist\u00e4\u00e4 puhumaan kielill\u00e4<\/em>, \u00abKeskisuomalainen\u00bb, 9 ottobre, p. 12.<br>S. Metso, <em>Yksi tapa va\u00ecpua Hiljaiseen ekstaasiin<\/em>, \u00abTurun Sanomat\u00bb, 24 novembre.<br>D. Sundell, <em>Lagmald extas<\/em>, \u00abHufvudstai\u00bb, 25 ottobre.<br>AA.VV., <em>Italiaiset Huipentavat Porin Taidemuseon syksyn,<\/em> \u00abSatakunnan Kansa\u00bb, ottobre.<br>M. Meneguzzo, <em>Sul linguaggio dell\u2019estasi<\/em>, \u00abSegno\u00bb, novembre, pp. 28-29.<br>P. Holmila, V<em>akavaa ja leikkipuhetta italian nykytaiteesta<\/em>, \u00abUusi Suomet\u00bb, n. 247, pp. 20-21.<br>T. Nyrhinen &#8211; P. Makinen, <em>T\u00e4m\u00e4 sukupolvi hylkc\u00e4si kehykset<\/em>, \u00abSatakunnan Kansa\u00bb, lavantaina 2, p. 12.<br>M. Valkonen, <em>Okko italian taide kyynist\u00e4,<\/em> \u00abHelsingin Sanomat\u00bb, sunnuntaina 22 syyskuuta, p. 21.<br><em>L\u2019exposition du mois. Du langage \u00e0 l\u2019extase, une g\u00e9neration d\u2019art italien<\/em>, \u00abgaleriesmagazine\u00bb, n. 8, dicembre 1985 \u2013 gennaio 1986, p. 21.<br><br><strong>1986<\/strong><br><em>Claudio Olivieri<\/em>, \u00abNike\u00bb, anno III, dicembre 1985 &#8211; febbraio 1986, n. 11.<br>E. M. Kaufhold, <em>Theseus als woge<\/em>, \u00abGeneral Anzeiger\u00bb, aprile.<br>C. Meixner, <em>Faszinierende rume C. Olivieris arbeiten inider galerie Apicella<\/em>, \u00abBonner Spori\u00bb, n. 122, 28 maggio, p. 22.<br>F. D\u2019Amico, <em>Il gioco della torre<\/em>, \u00abla Repubblica\u00bb, n. 186, 8 agosto.<br><br><strong>1987<\/strong><br>A. Monesi, <em>Incontri con Claudio Olivieri<\/em>, pittore mantovano residente a Milano, \u00abLa Gazzetta di Mantova\u00bb, 5 aprile, p. 10.<br>S. Zingale, <em>C\u2019\u00e8 il mito fra il visibile e l\u2019invisibile<\/em>, \u00abPaese Sera\u00bb, 20 luglio.<br><br><strong>1988<\/strong><br>M. De Stasio, <em>Quel filo di colore lungo trent\u2019anni<\/em>, supplemento de \u00abL\u2019Unit\u00e0\u00bb, n. 58, 13 marzo.<br>E. Pontiggia, <em>Verso l\u2019inafferrabile<\/em>, \u00abIl Giornale Nuovo\u00bb, 13 marzo.<br>M. Perazzi, <em>Le mie carte segrete sono fatte di luce<\/em>, \u00abAmica\u00bb, n. 13, 21 marzo, p. 43.<br>F. D\u2019Amico, <em>Solo colore<\/em>, \u00abla Repubblica\u00bb, 29 novembre.<br>F. Gualdoni, <em>Quei colori che rapiscono occhi e anima<\/em>, \u00abItalia Oggi\u00bb, 30 novembre.<br>M. Bertoni, <em>Un\u2019illusione sul velo lieve dell\u2019aria<\/em>, \u00abSegno\u00bb, anno XII, n. 80, dicembre, p. 43.<br>F. Abbate, <em>Della generazione anni \u201930<\/em>, \u00abArtinumbria\u00bb, anno V, n. 18, dicembre &#8211; gennaio 1989.<br><br><strong>1989<\/strong><br>F. L. Damiani, <em>Artisti e colori degli anni settanta<\/em>, \u00abIl Gazzettino\u00bb, 27 dicembre.<br>L. Perissinotto, <em>Otto pittori alla Plurima<\/em>, \u00abIl Messaggero Veneto\u00bb, 29 dicembre.<\/p>\n","protected":false},"excerpt":{"rendered":"<p>(in elaborazione) Bibliografia selezionataA cura di Arianna Baldoni 1960W.&nbsp;Sch\u00f6nenberger, Claudio Olivieri, \u00abGazzetta Ticinese\u00bb, p. 15. 1966Z. Birolli, Claudio Olivieri, \u00abLe Arti\u00bb, giugno, p. 32. 1967M. Valsecchi, Fantasia e audacia di giovani in avanscoperta, \u00abIl Giorno\u00bb, Milano, 12 maggio, p. 7.M. Valsecchi, Claudio Olivieri, \u00abIl Giorno\u00bb, 2 dicembre. 1969V. Fagone, Cinque pittori al Milione, \u00abL\u2019Ora\u00bb, 13 [&hellip;]<\/p>\n","protected":false},"author":2,"featured_media":0,"parent":77,"menu_order":0,"comment_status":"closed","ping_status":"closed","template":"","meta":{"footnotes":""},"class_list":["post-637","page","type-page","status-publish","czr-hentry"],"yoast_head":"<!-- This site is optimized with the Yoast SEO plugin v27.5 - https:\/\/yoast.com\/product\/yoast-seo-wordpress\/ -->\n<title>Rubriche e articoli su periodici e riviste specializzate 1960-1989 - Testi<\/title>\n<meta name=\"description\" content=\"Testi e articoli su periodici e riviste specializzate 1960-1989 Bibliografia selezionata A cura di Arianna Baldoni\" \/>\n<meta name=\"robots\" content=\"index, follow, max-snippet:-1, max-image-preview:large, max-video-preview:-1\" \/>\n<link rel=\"canonical\" href=\"https:\/\/www.claudioolivieri.com\/claudioolivieri.com\/wrdp\/bibliografia\/rubriche-e-articoli-su-periodici-e-riviste-specializzate-1960-1989\/\" \/>\n<meta property=\"og:locale\" content=\"it_IT\" \/>\n<meta property=\"og:type\" content=\"article\" \/>\n<meta property=\"og:title\" content=\"Rubriche e articoli su periodici e riviste specializzate 1960-1989 - Testi\" \/>\n<meta property=\"og:description\" content=\"Testi e articoli su periodici e riviste specializzate 1960-1989 Bibliografia selezionata A cura di Arianna Baldoni\" \/>\n<meta property=\"og:url\" content=\"https:\/\/www.claudioolivieri.com\/claudioolivieri.com\/wrdp\/bibliografia\/rubriche-e-articoli-su-periodici-e-riviste-specializzate-1960-1989\/\" \/>\n<meta property=\"article:modified_time\" content=\"2025-09-02T17:22:50+00:00\" \/>\n<meta name=\"twitter:card\" content=\"summary_large_image\" \/>\n<meta name=\"twitter:label1\" content=\"Tempo di lettura stimato\" \/>\n\t<meta name=\"twitter:data1\" content=\"8 minuti\" \/>\n<script type=\"application\/ld+json\" class=\"yoast-schema-graph\">{\"@context\":\"https:\\\/\\\/schema.org\",\"@graph\":[{\"@type\":\"WebPage\",\"@id\":\"https:\\\/\\\/www.claudioolivieri.com\\\/claudioolivieri.com\\\/wrdp\\\/bibliografia\\\/rubriche-e-articoli-su-periodici-e-riviste-specializzate-1960-1989\\\/\",\"url\":\"https:\\\/\\\/www.claudioolivieri.com\\\/claudioolivieri.com\\\/wrdp\\\/bibliografia\\\/rubriche-e-articoli-su-periodici-e-riviste-specializzate-1960-1989\\\/\",\"name\":\"Rubriche e articoli su periodici e riviste specializzate 1960-1989 - Testi\",\"isPartOf\":{\"@id\":\"https:\\\/\\\/www.claudioolivieri.com\\\/claudioolivieri.com\\\/wrdp\\\/#website\"},\"datePublished\":\"2024-09-11T19:21:03+00:00\",\"dateModified\":\"2025-09-02T17:22:50+00:00\",\"description\":\"Testi e articoli su periodici e riviste specializzate 1960-1989 Bibliografia selezionata A cura di Arianna Baldoni\",\"breadcrumb\":{\"@id\":\"https:\\\/\\\/www.claudioolivieri.com\\\/claudioolivieri.com\\\/wrdp\\\/bibliografia\\\/rubriche-e-articoli-su-periodici-e-riviste-specializzate-1960-1989\\\/#breadcrumb\"},\"inLanguage\":\"it-IT\",\"potentialAction\":[{\"@type\":\"ReadAction\",\"target\":[\"https:\\\/\\\/www.claudioolivieri.com\\\/claudioolivieri.com\\\/wrdp\\\/bibliografia\\\/rubriche-e-articoli-su-periodici-e-riviste-specializzate-1960-1989\\\/\"]}]},{\"@type\":\"BreadcrumbList\",\"@id\":\"https:\\\/\\\/www.claudioolivieri.com\\\/claudioolivieri.com\\\/wrdp\\\/bibliografia\\\/rubriche-e-articoli-su-periodici-e-riviste-specializzate-1960-1989\\\/#breadcrumb\",\"itemListElement\":[{\"@type\":\"ListItem\",\"position\":1,\"name\":\"Home\",\"item\":\"https:\\\/\\\/www.claudioolivieri.com\\\/claudioolivieri.com\\\/wrdp\\\/\"},{\"@type\":\"ListItem\",\"position\":2,\"name\":\"Bibliografia\",\"item\":\"https:\\\/\\\/www.claudioolivieri.com\\\/claudioolivieri.com\\\/wrdp\\\/bibliografia\\\/\"},{\"@type\":\"ListItem\",\"position\":3,\"name\":\"Rubriche e articoli su periodici e riviste specializzate 1960-1989\"}]},{\"@type\":\"WebSite\",\"@id\":\"https:\\\/\\\/www.claudioolivieri.com\\\/claudioolivieri.com\\\/wrdp\\\/#website\",\"url\":\"https:\\\/\\\/www.claudioolivieri.com\\\/claudioolivieri.com\\\/wrdp\\\/\",\"name\":\"\",\"description\":\"Il sito ufficiale dell&#039;Archivio Opere di Claudio Olivieri\",\"potentialAction\":[{\"@type\":\"SearchAction\",\"target\":{\"@type\":\"EntryPoint\",\"urlTemplate\":\"https:\\\/\\\/www.claudioolivieri.com\\\/claudioolivieri.com\\\/wrdp\\\/?s={search_term_string}\"},\"query-input\":{\"@type\":\"PropertyValueSpecification\",\"valueRequired\":true,\"valueName\":\"search_term_string\"}}],\"inLanguage\":\"it-IT\"}]}<\/script>\n<!-- \/ Yoast SEO plugin. -->","yoast_head_json":{"title":"Rubriche e articoli su periodici e riviste specializzate 1960-1989 - Testi","description":"Testi e articoli su periodici e riviste specializzate 1960-1989 Bibliografia selezionata A cura di Arianna Baldoni","robots":{"index":"index","follow":"follow","max-snippet":"max-snippet:-1","max-image-preview":"max-image-preview:large","max-video-preview":"max-video-preview:-1"},"canonical":"https:\/\/www.claudioolivieri.com\/claudioolivieri.com\/wrdp\/bibliografia\/rubriche-e-articoli-su-periodici-e-riviste-specializzate-1960-1989\/","og_locale":"it_IT","og_type":"article","og_title":"Rubriche e articoli su periodici e riviste specializzate 1960-1989 - Testi","og_description":"Testi e articoli su periodici e riviste specializzate 1960-1989 Bibliografia selezionata A cura di Arianna Baldoni","og_url":"https:\/\/www.claudioolivieri.com\/claudioolivieri.com\/wrdp\/bibliografia\/rubriche-e-articoli-su-periodici-e-riviste-specializzate-1960-1989\/","article_modified_time":"2025-09-02T17:22:50+00:00","twitter_card":"summary_large_image","twitter_misc":{"Tempo di lettura stimato":"8 minuti"},"schema":{"@context":"https:\/\/schema.org","@graph":[{"@type":"WebPage","@id":"https:\/\/www.claudioolivieri.com\/claudioolivieri.com\/wrdp\/bibliografia\/rubriche-e-articoli-su-periodici-e-riviste-specializzate-1960-1989\/","url":"https:\/\/www.claudioolivieri.com\/claudioolivieri.com\/wrdp\/bibliografia\/rubriche-e-articoli-su-periodici-e-riviste-specializzate-1960-1989\/","name":"Rubriche e articoli su periodici e riviste specializzate 1960-1989 - Testi","isPartOf":{"@id":"https:\/\/www.claudioolivieri.com\/claudioolivieri.com\/wrdp\/#website"},"datePublished":"2024-09-11T19:21:03+00:00","dateModified":"2025-09-02T17:22:50+00:00","description":"Testi e articoli su periodici e riviste specializzate 1960-1989 Bibliografia selezionata A cura di Arianna Baldoni","breadcrumb":{"@id":"https:\/\/www.claudioolivieri.com\/claudioolivieri.com\/wrdp\/bibliografia\/rubriche-e-articoli-su-periodici-e-riviste-specializzate-1960-1989\/#breadcrumb"},"inLanguage":"it-IT","potentialAction":[{"@type":"ReadAction","target":["https:\/\/www.claudioolivieri.com\/claudioolivieri.com\/wrdp\/bibliografia\/rubriche-e-articoli-su-periodici-e-riviste-specializzate-1960-1989\/"]}]},{"@type":"BreadcrumbList","@id":"https:\/\/www.claudioolivieri.com\/claudioolivieri.com\/wrdp\/bibliografia\/rubriche-e-articoli-su-periodici-e-riviste-specializzate-1960-1989\/#breadcrumb","itemListElement":[{"@type":"ListItem","position":1,"name":"Home","item":"https:\/\/www.claudioolivieri.com\/claudioolivieri.com\/wrdp\/"},{"@type":"ListItem","position":2,"name":"Bibliografia","item":"https:\/\/www.claudioolivieri.com\/claudioolivieri.com\/wrdp\/bibliografia\/"},{"@type":"ListItem","position":3,"name":"Rubriche e articoli su periodici e riviste specializzate 1960-1989"}]},{"@type":"WebSite","@id":"https:\/\/www.claudioolivieri.com\/claudioolivieri.com\/wrdp\/#website","url":"https:\/\/www.claudioolivieri.com\/claudioolivieri.com\/wrdp\/","name":"","description":"Il sito ufficiale dell&#039;Archivio Opere di Claudio Olivieri","potentialAction":[{"@type":"SearchAction","target":{"@type":"EntryPoint","urlTemplate":"https:\/\/www.claudioolivieri.com\/claudioolivieri.com\/wrdp\/?s={search_term_string}"},"query-input":{"@type":"PropertyValueSpecification","valueRequired":true,"valueName":"search_term_string"}}],"inLanguage":"it-IT"}]}},"jetpack_sharing_enabled":true,"_links":{"self":[{"href":"https:\/\/www.claudioolivieri.com\/claudioolivieri.com\/wrdp\/wp-json\/wp\/v2\/pages\/637","targetHints":{"allow":["GET"]}}],"collection":[{"href":"https:\/\/www.claudioolivieri.com\/claudioolivieri.com\/wrdp\/wp-json\/wp\/v2\/pages"}],"about":[{"href":"https:\/\/www.claudioolivieri.com\/claudioolivieri.com\/wrdp\/wp-json\/wp\/v2\/types\/page"}],"author":[{"embeddable":true,"href":"https:\/\/www.claudioolivieri.com\/claudioolivieri.com\/wrdp\/wp-json\/wp\/v2\/users\/2"}],"replies":[{"embeddable":true,"href":"https:\/\/www.claudioolivieri.com\/claudioolivieri.com\/wrdp\/wp-json\/wp\/v2\/comments?post=637"}],"version-history":[{"count":5,"href":"https:\/\/www.claudioolivieri.com\/claudioolivieri.com\/wrdp\/wp-json\/wp\/v2\/pages\/637\/revisions"}],"predecessor-version":[{"id":769,"href":"https:\/\/www.claudioolivieri.com\/claudioolivieri.com\/wrdp\/wp-json\/wp\/v2\/pages\/637\/revisions\/769"}],"up":[{"embeddable":true,"href":"https:\/\/www.claudioolivieri.com\/claudioolivieri.com\/wrdp\/wp-json\/wp\/v2\/pages\/77"}],"wp:attachment":[{"href":"https:\/\/www.claudioolivieri.com\/claudioolivieri.com\/wrdp\/wp-json\/wp\/v2\/media?parent=637"}],"curies":[{"name":"wp","href":"https:\/\/api.w.org\/{rel}","templated":true}]}}